{"id":646,"date":"2022-02-24T14:11:37","date_gmt":"2022-02-24T14:11:37","guid":{"rendered":"https:\/\/greenvetchoices.eu\/about\/"},"modified":"2024-05-21T11:24:25","modified_gmt":"2024-05-21T11:24:25","slug":"about","status":"publish","type":"page","link":"https:\/\/greenvetchoices.eu\/pt-pt\/about\/","title":{"rendered":"Sobre"},"content":{"rendered":"<h1>Sobre<\/h1>\n<p><iframe src=\"https:\/\/www.youtube.com\/watch?v=7o0SkneN6Lw\"><\/iframe><\/p>\n<div>\n<p>        <img decoding=\"async\" src=\"\/wp-content\/uploads\/2022\/03\/overv.png\" alt=\"\"><\/p>\n<h3>Vis\u00e3o Geral do Projeto<\/h3>\n<div>\n<p>As carreiras de ensino profissional oferecem oportunidades ricas para indiv\u00edduos interessados \u200b\u200bem tecnologias verdes, empreendedorismo verde, neg\u00f3cios sociais verdes e ind\u00fastrias relacionadas com consci\u00eancia ambiental. Estas profiss\u00f5es e percursos profissionais desempenham um papel fundamental na busca de um ambiente mais saud\u00e1vel e de um crescimento verde nas economias europeias. O projeto Green VET Choices tem como objetivo central desenvolver uma forma de combinar o ensino profissional verde com a luta contra as altera\u00e7\u00f5es clim\u00e1ticas, aumentando a atratividade e a sensibiliza\u00e7\u00e3o para op\u00e7\u00f5es de carreira profissionais amigas do ambiente e promovendo as compet\u00eancias e compet\u00eancias verdes e digitais necess\u00e1rias<\/p>\n<\/div>\n<\/div>\n<div>\n<p>        <img decoding=\"async\" src=\"\/wp-content\/uploads\/2022\/03\/aims-obje.png\" alt=\"\"><\/p>\n<h3>Metas &#038; Objetivos:<\/h3>\n<div>\n<p><strong>Meta:<\/strong> <\/p>\n<p>O projeto Green VET Choices pretende aumentar a consciencializa\u00e7\u00e3o para os desafios ambientais urgentes e, ao mesmo tempo, fomentar o interesse pelas carreiras verde de ensino profissional<\/p>\n<p><strong>Objetivos<\/strong><\/p>\n<ul>\n<li>Meio ambiente e combate \u00e0s mudan\u00e7as clim\u00e1ticas como tema central do projeto, permeando todas as atividades do projeto como fio condutor.<\/li>\n<li>Aumentar a atratividade do ensino profissional, mostrando possibilidades promissoras, significativas e orientadas para o futuro aos alunos do ensino profissional atuais e futuros.<\/li>\n<li>Contribuir para a inova\u00e7\u00e3o na educa\u00e7\u00e3o e forma\u00e7\u00e3o profissional atrav\u00e9s da introdu\u00e7\u00e3o de novas e estimulantes abordagens de aprendizagem e ensino atrav\u00e9s do Portal Virtual e Modelo Digital dos projetos, todos dispon\u00edveis online como OER\n<p>approaches through the projects\u2019 Virtual Portal and Digital Model, which are all available online as OER.<\/li>\n<\/ul>\n<\/div>\n<\/div>\n<div>\n<p>        <img decoding=\"async\" src=\"\/wp-content\/uploads\/2022\/03\/outputs.png\" alt=\"\"><\/p>\n<h3>Resultados do Projeto<\/h3>\n<div>\n<ol>\n<li><strong>Green VET Choices Survey Report<\/strong> \u2013 Uma avalia\u00e7\u00e3o das carreiras e oportunidades de ensino profissional erde, levando em considera\u00e7\u00e3o as circunst\u00e2ncias nacionais e os desafios clim\u00e1ticos.<\/li>\n<p>     <a class=\"uk-button uk-button-primary\" href=\"https:\/\/greenvetchoices.eu\/wp-content\/uploads\/2023\/06\/POR-Green-VET-Choices-Sumario-Executivo-Relatorio-de-Pesquisa-Transnacional_PT.pdf\" target=\"_blank\">Relat\u00f3rio de Pesquisa Transnacional<\/a><\/p>\n<li><strong>O Portal Virtual Green VET Choices<\/strong> \u2013 Um ambiente de aprendizado aberto e participativo que usa uma abordagem de narrativa motivadora para capacitar os usu\u00e1rios a tomar suas pr\u00f3prias decis\u00f5es e descobrir mais sobre carreiras verdes.<\/li>\n<li><strong>O Modelo Digital Green VET Choices<\/strong> \u2013 Engloba uma revista profissional e uma antologia de v\u00eddeos do segmento chave apresentando as metodologias inovadoras e os conceitos did\u00e1ticos aplicados no projeto e apresentando artigos de destaque de especialistas.<\/li>\n<\/ol>\n<\/div>\n<\/div>\n<h1>Parceiros<\/h1>\n<ul>\n<li>\n<p>        <img decoding=\"async\" src=\"\/wp-content\/uploads\/2022\/04\/logo-coeso-2020.png\" alt=\"\"><\/p>\n<h3>CO&#038;SO &#8211; CONSORZIO PER LA COOPERAZIONE E LA SOLIDARIETA&#8217;-CONSORZIO DI COOPERATIVE SOCIALI &#8211; SOCIETA&#8217; COOPERATTIVA SOCIALE<\/h3>\n<div>\n<p>CO&amp;SO \u00e9 um cons\u00f3rcio localizado em Floren\u00e7a que inclui 24 cooperativas que atuam nas \u00e1reas social, educacional e cultural. A CO&amp;SO conta com 42 colaboradores permanentes que prestam servi\u00e7os aos associados. Os principais servi\u00e7os s\u00e3o: administra\u00e7\u00e3o, acompanhamento dos concursos e consequentemente apresenta\u00e7\u00e3o de projetos, na sua maioria contratos p\u00fablicos destinados \u00e0 presta\u00e7\u00e3o de servi\u00e7os nas diferentes \u00e1reas sociais, oferecendo oportunidades europeias para promover a inova\u00e7\u00e3o nas cooperativas em termos de melhoria das compet\u00eancias e servi\u00e7os dos trabalhadores, certifica\u00e7\u00e3o de qualidade e comunica\u00e7\u00e3o. A CO&amp;SO tamb\u00e9m \u00e9 uma Ag\u00eancia de Treinamento credenciada pela Autoridade Regional da Toscana para desenvolver treinamento financiado ou sob demanda e mais da metade de seus servi\u00e7os de treinamento (presencial, online e misto) \u00e9 fornecido a grupos-alvo desfavorecidos.<\/p>\n<p>A CO&amp;SO atua em diversas \u00e1reas de interesse:<\/p>\n<ul>\n<li aria-level=\"1\"><span>Habita\u00e7\u00e3o<\/span><\/li>\n<li aria-level=\"1\"><span>Cultura e Turismo<\/span><\/li>\n<li aria-level=\"1\"><span>Educa\u00e7\u00e3o<\/span><\/li>\n<li aria-level=\"1\"><span>Treinamento<\/span><\/li>\n<li aria-level=\"1\"><span>Inclus\u00e3o social<\/span><\/li>\n<li aria-level=\"1\"><span>Inser\u00e7\u00e3o de trabalho<\/span><\/li>\n<li aria-level=\"1\"><span>Sa\u00fade e cuidados<\/span><\/li>\n<li aria-level=\"1\"><span>Verde<\/span><\/li>\n<\/ul>\n<p>Na CO&amp;SO existe tamb\u00e9m um departamento dedicado apenas a trabalhar no planeamento e gest\u00e3o de projetos europeus com pessoal muito qualificado com mais de 20 anos de experi\u00eancia na \u00e1rea.<\/p>\n<p>Al\u00e9m disso, desde 2021 a CO&amp;SO, de acordo com a Pol\u00edtica Verde Europeia, come\u00e7ou a planear novas atividades orientadas para o verde, participando, como coordenador ou parceiro, em projetos da UE que visam apoiar o ambiente atrav\u00e9s da melhoria das compet\u00eancias verdes dos Institutos VET e VET Docentes, promovendo o marketing digital nas Pequenas e M\u00e9dias Empresas; desenvolver a Economia Circular baseada na reciclagem de res\u00edduos.<\/p>\n<p>Outras atividades GREEN envolvem as cooperativas associadas da CO&amp;SO. Em particular, refere-se ao Cons\u00f3rcio COLTIBIO, uma realidade agr\u00edcola org\u00e2nica, que atrav\u00e9s do conceito de \u201cagricultura social\u201d desenvolve uma atividade apoiada pela comunidade local que produz e ao mesmo tempo persegue o bem comum atrav\u00e9s de pr\u00e1ticas sustent\u00e1veis \u200b\u200bdo ponto de vista econ\u00f4mico e ponto de vista ambiental. A COLTIBIO quer experimentar uma nova forma de fazer agricultura, com novos processos com baixo impacto ambiental e novas formas de transfer\u00eancia de conhecimento, como a troca de experi\u00eancias entre gera\u00e7\u00f5es.<\/p>\n<\/div>\n<p><a href=\"https:\/\/coeso.org\/\">O site<\/a><\/p>\n<\/li>\n<li>\n<p>        <img decoding=\"async\" src=\"\/wp-content\/uploads\/2022\/04\/Auxilium_big_RGB.png\" alt=\"\"><\/p>\n<h3>Auxilium pro Regionibus Europae in Rebus Culturalibus<\/h3>\n<div>\n<p>Auxilium \u00e9 uma associa\u00e7\u00e3o de pesquisa e desenvolvimento sem fins lucrativos localizada em Graz, na \u00c1ustria, com o objetivo de melhorar o interc\u00e2mbio cultural e educacional entre organiza\u00e7\u00f5es e institui\u00e7\u00f5es na Europa. Desde 2004, Auxilium tem participado em muitos projetos de coopera\u00e7\u00e3o e interc\u00e2mbio e parcerias estrat\u00e9gicas nas \u00e1reas de educa\u00e7\u00e3o, cultura, sa\u00fade e ci\u00eancias sociais para apoiar os principais objetivos da associa\u00e7\u00e3o. Nesta base, Auxilium acumulou uma vasta experi\u00eancia no planeamento e implementa\u00e7\u00e3o de projetos transnacionais de coopera\u00e7\u00e3o europeia em diferentes programas de financiamento, sendo principalmente respons\u00e1vel pelo desenvolvimento de conte\u00fados pedag\u00f3gicos, bem como pela gest\u00e3o da qualidade dos projetos.<\/p>\n<\/div>\n<p><a href=\"http:\/\/www.auxilium.co.at\/\">O site<\/a><\/p>\n<\/li>\n<li>\n<p>        <img decoding=\"async\" src=\"\/wp-content\/uploads\/2022\/04\/The-Rural-Hub-1.jpg\" alt=\"\"><\/p>\n<h3>The Rural Hub CLG<\/h3>\n<div>\n<p>O Rural Hub foi criado como uma associa\u00e7\u00e3o por um grupo de profissionais de educa\u00e7\u00e3o, treinamento e desenvolvimento rural como resposta ao impacto da crise econ\u00f4mica em pequenas vilas e cidades rurais na Irlanda. Desde que foi estabelecido pela primeira vez em 2012, The Rural Hub vem fornecendo uma ampla gama de programas de treinamento e desenvolvimento de capacidade para moradores locais e grupos comunit\u00e1rios. Somos especializados na \u00e1rea de desenvolvimento comunit\u00e1rio, inclus\u00e3o social e aprendizagem ao longo da vida e desenvolvemos uma s\u00e9rie de iniciativas locais para apoiar a inclus\u00e3o de grupos desfavorecidos, incluindo jovens rurais, comunidades migrantes e idosos isolados. Trabalhamos com esses grupos, usando abordagens criativas e testes de recursos de m\u00eddia digital para apoiar uma maior coes\u00e3o social entre as comunidades locais no Condado de Cavan. Temos uma rede desenvolvida de partes interessadas em todo o condado que apoiam nosso trabalho em uma base tem\u00e1tica. Por meio de nosso escrit\u00f3rio baseado na comunidade, oferecemos programas informais de educa\u00e7\u00e3o para adultos e jovens por meio de nossos programas de Manh\u00e3s Sociais e Tardes Educativas; e por meio de nossos programas de &#8216;jovens na m\u00eddia digital&#8217;, executamos em nossa Digital Media Zone (DMZ) em Virg\u00ednia, Cavan.<\/p>\n<\/div>\n<p><a href=\"https:\/\/www.theruralhub.ie\/\">O site<\/a><\/p>\n<\/li>\n<li>\n<p>        <img decoding=\"async\" src=\"\/wp-content\/uploads\/2022\/04\/cardet-svg.svg\" alt=\"\"><\/p>\n<h3>CARDET<\/h3>\n<div>\n<p>CARDET (Centro para o Avan\u00e7o da Pesquisa e Desenvolvimento em Tecnologia Educacional) \u00e9 uma organiza\u00e7\u00e3o independente, sem fins lucrativos, n\u00e3o governamental, de pesquisa e desenvolvimento com sede em Chipre, com parceiros em todo o mundo. CARDET \u00e9 uma das institui\u00e7\u00f5es l\u00edderes na regi\u00e3o euro-mediterr\u00e2nica para investiga\u00e7\u00e3o e desenvolvimento. Nossa equipe se esfor\u00e7a para oferecer servi\u00e7os da mais alta qualidade para beneficiar a sociedade. A organiza\u00e7\u00e3o colabora com organiza\u00e7\u00f5es locais e internacionais, \u00f3rg\u00e3os p\u00fablicos e privados e em diversas disciplinas na conce\u00e7\u00e3o de solu\u00e7\u00f5es para desafios locais e globais na \u00c1sia, Europa e EUA. A equipe CARDET concluiu com sucesso mais de 200 projetos em mais de 40 pa\u00edses, alcan\u00e7ando mais de um milh\u00e3o de pessoas. V\u00e1rios de nossos projetos foram apoiados pela Comiss\u00e3o Europeia, The Commonwealth of Learning, Programa de Desenvolvimento das Na\u00e7\u00f5es Unidas, USAID, EuropeAid, Microsoft, Google e governos de todo o mundo.<\/p>\n<\/div>\n<p><a href=\"https:\/\/cardet.org\/\">O site<\/a><\/p>\n<\/li>\n<li>\n<p>        <img decoding=\"async\" src=\"\/wp-content\/uploads\/2022\/04\/reattiva-logo.jpg\" alt=\"\"><\/p>\n<h3>Reattiva \u2013 Regione Europa Attiva<\/h3>\n<div>\n<p><span>Com sede em Campobasso (Molise) e Floren\u00e7a (Toscana), a Reattiva \u00e9 uma organiza\u00e7\u00e3o sem fins lucrativos fundada em 2011, que trabalha a n\u00edvel local, nacional e da UE, com o principal objetivo de fornecer educa\u00e7\u00e3o e forma\u00e7\u00e3o formal, n\u00e3o formal e informal a indiv\u00edduos jovens e adultos.<br \/><\/span><\/p>\n<p><span>Os objetivos espec\u00edficos da Reattiva s\u00e3o:<\/span><\/p>\n<ul>\n<li><span>Melhorar a acessibilidade, qualidade e efici\u00eancia da educa\u00e7\u00e3o e forma\u00e7\u00e3o dos diferentes alvos;<\/span><\/li>\n<li><span>Apoiar jovens e adultos em diversas iniciativas locais, regionais, nacionais e internacionais;<\/span><\/li>\n<li><span>Apoiar a integra\u00e7\u00e3o e realiza\u00e7\u00e3o social de cada indiv\u00edduo, especialmente daqueles que se encontram em perigo de exclus\u00e3o social;<\/span><\/li>\n<li><span>Promover e contribuir para a educa\u00e7\u00e3o, a aprendizagem ao longo da vida, o e-learning e a utiliza\u00e7\u00e3o das novas tecnologias na educa\u00e7\u00e3o, forma\u00e7\u00e3o e empreendedorismo;<\/span><\/li>\n<li><span>Fornecer apoio para quebrar as barreiras para pessoas de origens pessoais dif\u00edceis, ampliando o acesso \u00e0 educa\u00e7\u00e3o e auto-realiza\u00e7\u00e3o na vida e no trabalho.<\/span><\/li>\n<\/ul>\n<p><span>Reattiva tem tamb\u00e9m uma longa experi\u00eancia em projetos da UE e compet\u00eancias relevantes na gest\u00e3o de projetos da UE no \u00e2mbito do ERASMUS+, LLP, EYE, ESF, EEA, YFEJ, EaSI, EAfA e INTERREG, tanto como promotor como parceiro, sempre educa\u00e7\u00e3o e forma\u00e7\u00e3o n\u00e3o formal e informal, empregabilidade e inclus\u00e3o social.<br \/><\/span><\/p>\n<p><span>No quadro dos programas da UE, a Reattiva promove, em particular, a mobilidade para fins de aprendizagem como terreno de aquisi\u00e7\u00e3o de compet\u00eancias e aptid\u00f5es essenciais necess\u00e1rias aos jovens e adultos para o acesso \u00e0 empregabilidade e \u00e0 inclus\u00e3o social e ao pessoal (professores, educadores, formadores, tutores, animadores de juventude) para ter sucesso no seu trabalho di\u00e1rio com diferentes grupos-alvo.<br \/><\/span><\/p>\n<p><span>Entre 2011 e 2021 a Reattiva geriu 92 projetos de mobilidade, envolvendo cerca de 10.500 formandos (20% dos quais desfavorecidos, com menos oportunidades, deficientes ou com necessidades especiais) e cerca de 650 participantes entre o pessoal.<br \/><\/span><\/p>\n<p><span>Do ponto de vista do acolhimento, entre 2011 e 2021, a Reattiva em Campobasso e Floren\u00e7a acolheu mais de 4000 formandos e 500 participantes entre funcion\u00e1rios provenientes de diferentes pa\u00edses da UE.<br \/><\/span><\/p>\n<\/div>\n<p><a href=\"http:\/\/www.reattiva.eu\/\">O site<\/a><\/p>\n<\/li>\n<li>\n<p>        <img decoding=\"async\" src=\"\/wp-content\/uploads\/2022\/04\/asdsadasdas.png\" alt=\"\"><\/p>\n<h3>ISIS Leonardo da Vinci<\/h3>\n<div>\n<p><span>O Instituto T\u00e9cnico e Profissional \u201cISIS Leonardo da Vinci\u201d de Floren\u00e7a foi fundado pelo Munic\u00edpio de Floren\u00e7a em 1900 para formar bons t\u00e9cnicos para as empresas da cidade. H\u00e1 um s\u00e9culo que a nossa escola representa pelas suas caracter\u00edsticas did\u00e1tico-estruturais o ponto de refer\u00eancia para a estrutura econ\u00f3mica e produtiva das seguintes \u00e1reas: Mec\u00e2nica, Edifica\u00e7\u00e3o, Electr\u00f3nica, Electrot\u00e9cnica, Telecomunica\u00e7\u00f5es, Qu\u00edmica, Inform\u00e1tica, para toda a nossa Regi\u00e3o.<br \/><\/span><\/p>\n<p><span>A comunidade ISIS Da Vinci \u00e9 composta por cerca de 2.000 alunos (800 deles em cursos t\u00e9cnicos e 1.200 deles em cursos profissionalizantes) e mais de 300 professores.<br \/><\/span><\/p>\n<p><span>A escola possui dois campos de forma\u00e7\u00e3o para alunos de 14 a 19 anos: o Instituto T\u00e9cnico e o Instituto Vocacional. As \u00e1reas de estudo do Instituto T\u00e9cnico Leonardo da Vinci s\u00e3o: Ci\u00eancia da Computa\u00e7\u00e3o, Eletr\u00f4nica e Eletrot\u00e9cnica, Qu\u00edmica, Edifica\u00e7\u00f5es, Mec\u00e2nica e Mecatr\u00f4nica. Algumas especializa\u00e7\u00f5es do Instituto Profissional como Gr\u00e1fica, Mec\u00e2nica Dent\u00e1ria oferecem a \u00fanica oportunidade de formar compet\u00eancias espec\u00edficas nestes setores. Algumas turmas tamb\u00e9m est\u00e3o envolvidas em diferentes projetos europeus.<\/span><span><\/span><\/p>\n<p><span>A Escola \u00e9 uma Ag\u00eancia de Forma\u00e7\u00e3o certificada ISO9001-2015 pela TUV.<\/span><\/p>\n<p><span>\u00a0<\/span><\/p>\n<\/div>\n<p><a href=\"https:\/\/www.isisdavinci.it\/\">O site<\/a><\/p>\n<\/li>\n<li>\n<p>        <img decoding=\"async\" src=\"\/wp-content\/uploads\/2022\/04\/logo-eFuturo-1.jpg\" alt=\"\"><\/p>\n<h3>RECURSOS FUTUROS, UNIPESSOAL LDA<\/h3>\n<div>\n<p><span>Desde 2004 a eFuturo Academy \u00e9 uma Organiza\u00e7\u00e3o Portuguesa Certificada que oferece forma\u00e7\u00e3o profissional e profissional com especial enfoque no desenvolvimento de compet\u00eancias de jovens e adultos nas \u00e1reas da Hotelaria e Turismo, Cruzeiros, Assist\u00eancia Comercial, Assist\u00eancia \u00e0 Sa\u00fade, Marketing Digital, Ensino de L\u00ednguas, TIC, Recursos Humanos e Empreendedorismo.<br \/><\/span><\/p>\n<p><span>Temos 3500 alunos\/profissionais em todo o territ\u00f3rio nacional inseridos no mercado de trabalho, v\u00e1rios deles no estrangeiro pelos Projetos Erasmus. mudar de emprego ou melhorar os seus n\u00edveis de empregabilidade. Trabalhamos com migrantes, pessoas com defici\u00eancia e pessoas com baixa literacia que necessitam de forma\u00e7\u00e3o para se integrarem no mercado de trabalho.<br \/><\/span><\/p>\n<\/div>\n<p><a href=\"https:\/\/efuturo.pt\/\">O site<\/a><\/p>\n<\/li>\n<li>\n<p>        <img decoding=\"async\" src=\"\/wp-content\/uploads\/2022\/04\/CPU-GZS-logo.png\" alt=\"\"><\/p>\n<h3>GOSPODARSKA ZBORNICA SLOVENIJE CENTER ZA POSLOVNO USPOSABLJANJE<\/h3>\n<div>\n<p>C\u00e2mara de Com\u00e9rcio e Ind\u00fastria da Eslov\u00e9nia \u2013 Instituto de Educa\u00e7\u00e3o Empresarial \u00e9 um dos fornecedores de educa\u00e7\u00e3o e forma\u00e7\u00e3o com mais longa tradi\u00e7\u00e3o na Eslov\u00e9nia. O foco nas necessidades educacionais no mercado de trabalho levou a CPU a se tornar um dos maiores provedores de educa\u00e7\u00e3o de adultos na Eslov\u00eania. A miss\u00e3o do CPU (Institute for business education) \u00e9 fornecer \u00e0s empresas um conhecimento de alta qualidade, moderno e aplic\u00e1vel, enriquecido com experi\u00eancias nacionais e internacionais e exemplos de boas pr\u00e1ticas de neg\u00f3cios de acordo com o princ\u00edpio da \u201cpr\u00e1tica \u00e0 pr\u00e1tica\u201d. A CPU se esfor\u00e7a para fornecer conhecimento \u00fatil e ser um elo entre o mercado de trabalho e a educa\u00e7\u00e3o.<\/p>\n<p><span>\u00a0<\/span><\/p>\n<\/div>\n<p><a href=\"https:\/\/www.cpu.si\/\">O site<\/a><\/p>\n<\/li>\n<\/ul>\n<p><!--more--><br \/>\n<!-- {\"type\":\"layout\",\"children\":[{\"type\":\"section\",\"props\":{\"style\":\"default\",\"width\":\"default\",\"vertical_align\":\"middle\",\"title_position\":\"top-left\",\"title_rotation\":\"left\",\"title_breakpoint\":\"xl\",\"image_position\":\"center-center\",\"padding_remove_top\":true,\"animation\":\"slide-bottom\",\"animation_delay\":\"200\"},\"children\":[{\"type\":\"row\",\"children\":[{\"type\":\"column\",\"props\":{\"position_sticky_breakpoint\":\"m\",\"image_position\":\"center-center\",\"media_overlay_gradient\":\"\"},\"children\":[{\"type\":\"headline\",\"props\":{\"title_element\":\"h1\",\"title_style\":\"h1\",\"title_color\":\"success\",\"text_align\":\"left\",\"content\":\"Sobre\"},\"name\":\"headline-pages\"},{\"type\":\"video\",\"props\":{\"video_controls\":true,\"margin\":\"default\",\"video\":\"https:\\\/\\\/www.youtube.com\\\/watch?v=7o0SkneN6Lw\",\"class\":\"about-vid\"},\"name\":\"about-vid\"}]}]},{\"type\":\"row\",\"children\":[{\"type\":\"column\",\"props\":{\"position_sticky_breakpoint\":\"m\",\"image_position\":\"center-center\",\"media_overlay_gradient\":\"\"},\"children\":[{\"type\":\"panel\",\"props\":{\"link_text\":\"[readmore_text]\",\"title_hover_style\":\"reset\",\"title_element\":\"h3\",\"title_align\":\"top\",\"title_grid_width\":\"1-2\",\"title_grid_breakpoint\":\"m\",\"meta_style\":\"meta\",\"meta_align\":\"below-title\",\"meta_element\":\"div\",\"content_column_breakpoint\":\"m\",\"icon_width\":80,\"image_align\":\"right\",\"image_grid_width\":\"1-3\",\"image_grid_breakpoint\":\"m\",\"image_svg_color\":\"emphasis\",\"link_style\":\"primary\",\"margin\":\"default\",\"title\":\"Vis\\u00e3o Geral do Projeto\",\"content\":\"\n\n<p>As carreiras de ensino profissional oferecem oportunidades ricas para indiv\\u00edduos interessados \\u200b\\u200bem tecnologias verdes, empreendedorismo verde, neg\\u00f3cios sociais verdes e ind\\u00fastrias relacionadas com consci\\u00eancia ambiental. Estas profiss\\u00f5es e percursos profissionais desempenham um papel fundamental na busca de um ambiente mais saud\\u00e1vel e de um crescimento verde nas economias europeias. O projeto Green VET Choices tem como objetivo central desenvolver uma forma de combinar o ensino profissional verde com a luta contra as altera\\u00e7\\u00f5es clim\\u00e1ticas, aumentando a atratividade e a sensibiliza\\u00e7\\u00e3o para op\\u00e7\\u00f5es de carreira profissionais amigas do ambiente e promovendo as compet\\u00eancias e compet\\u00eancias verdes e digitais necess\\u00e1rias<\\\/p>\",\"image\":\"wp-content\\\/uploads\\\/2022\\\/03\\\/overv.png\",\"title_color\":\"success\",\"link\":\"\",\"css\":\".el-title {color:#000 !important}\\n\\n.el-image{max-width:200px;}\\n.uk-width-1-3\\\\@m.uk-flex-last\\\\@m{text-align:center;}\\n\\n.uk-width-1-3\\\\@m.uk-flex-last\\\\@m {\\n  align-items: center !important;\\n  display: flex;\\n  justify-content: center;\\n}\"},\"name\":\"right-image-panel\"}]}]}]},{\"type\":\"section\",\"props\":{\"style\":\"muted\",\"width\":\"default\",\"vertical_align\":\"middle\",\"title_position\":\"top-left\",\"title_rotation\":\"left\",\"title_breakpoint\":\"xl\",\"image_position\":\"center-center\",\"padding_remove_top\":false,\"padding_remove_bottom\":false,\"animation\":\"slide-bottom\",\"animation_delay\":\"200\"},\"children\":[{\"type\":\"row\",\"children\":[{\"type\":\"column\",\"props\":{\"position_sticky_breakpoint\":\"m\",\"image_position\":\"center-center\",\"media_overlay_gradient\":\"\"},\"children\":[{\"type\":\"panel\",\"props\":{\"link_text\":\"Read more\",\"title_hover_style\":\"reset\",\"title_element\":\"h3\",\"title_align\":\"top\",\"title_grid_width\":\"1-2\",\"title_grid_breakpoint\":\"m\",\"meta_style\":\"meta\",\"meta_align\":\"below-title\",\"meta_element\":\"div\",\"content_column_breakpoint\":\"m\",\"icon_width\":80,\"image_align\":\"left\",\"image_grid_width\":\"1-3\",\"image_grid_breakpoint\":\"m\",\"image_svg_color\":\"emphasis\",\"link_style\":\"primary\",\"margin\":\"default\",\"title\":\"Metas & Objetivos:\",\"content\":\"\n\n<p><strong>Meta:<\\\/strong> <\\\/p>\\n\n\n<p>O projeto Green VET Choices pretende aumentar a consciencializa\\u00e7\\u00e3o para os desafios ambientais urgentes e, ao mesmo tempo, fomentar o interesse pelas carreiras verde de ensino profissional<\\\/p>\\n\n\n<p><strong>Objetivos<\\\/strong><\\\/p>\\n\n\n<ul>\\n\n\n<li>Meio ambiente e combate \\u00e0s mudan\\u00e7as clim\\u00e1ticas como tema central do projeto, permeando todas as atividades do projeto como fio condutor.<\\\/li>\\n\n\n<li>Aumentar a atratividade do ensino profissional, mostrando possibilidades promissoras, significativas e orientadas para o futuro aos alunos do ensino profissional atuais e futuros.<\\\/li>\\n\n\n<li>Contribuir para a inova\\u00e7\\u00e3o na educa\\u00e7\\u00e3o e forma\\u00e7\\u00e3o profissional atrav\\u00e9s da introdu\\u00e7\\u00e3o de novas e estimulantes abordagens de aprendizagem e ensino atrav\\u00e9s do Portal Virtual e Modelo Digital dos projetos, todos dispon\\u00edveis online como OER<br \\\/><br \\\/>approaches through the projects\\u2019 Virtual Portal and Digital Model, which are all available online as OER.<\\\/li>\\n<\\\/ul>\",\"image\":\"wp-content\\\/uploads\\\/2022\\\/03\\\/aims-obje.png\",\"title_color\":\"success\",\"link\":\"\",\"css\":\".el-title {color:#000 !important}\\n.el-image{max-width:200px;}\\n.uk-width-1-3\\\\@m.uk-first-column{text-align:center;}\\n\\n.uk-width-1-3\\\\@m.uk-first-column {\\n  align-items: center !important;\\n  display: flex;\\n  justify-content: center;\\n}\"},\"name\":\"left-image-panel\"}]}]}]},{\"type\":\"section\",\"props\":{\"style\":\"default\",\"width\":\"default\",\"vertical_align\":\"middle\",\"title_position\":\"top-left\",\"title_rotation\":\"left\",\"title_breakpoint\":\"xl\",\"image_position\":\"center-center\",\"animation\":\"slide-bottom\",\"animation_delay\":\"200\"},\"children\":[{\"type\":\"row\",\"children\":[{\"type\":\"column\",\"props\":{\"position_sticky_breakpoint\":\"m\",\"image_position\":\"center-center\",\"media_overlay_gradient\":\"\"},\"children\":[{\"type\":\"panel\",\"props\":{\"link_text\":\"Read more\",\"title_hover_style\":\"reset\",\"title_element\":\"h3\",\"title_align\":\"top\",\"title_grid_width\":\"1-2\",\"title_grid_breakpoint\":\"m\",\"meta_style\":\"meta\",\"meta_align\":\"below-title\",\"meta_element\":\"div\",\"content_column_breakpoint\":\"m\",\"icon_width\":80,\"image_align\":\"right\",\"image_grid_width\":\"1-3\",\"image_grid_breakpoint\":\"m\",\"image_svg_color\":\"emphasis\",\"link_style\":\"primary\",\"margin\":\"default\",\"title\":\"Resultados do Projeto\",\"content\":\"\n\n<ol>\\n\n\n<li><strong>Green VET Choices Survey Report<\\\/strong> \\u2013 Uma avalia\\u00e7\\u00e3o das carreiras e oportunidades de ensino profissional erde, levando em considera\\u00e7\\u00e3o as circunst\\u00e2ncias nacionais e os desafios clim\\u00e1ticos.<\\\/li>\\n     <a class=\\\"uk-button uk-button-primary\\\" href=\\\"https:\\\/\\\/greenvetchoices.eu\\\/wp-content\\\/uploads\\\/2023\\\/06\\\/POR-Green-VET-Choices-Sumario-Executivo-Relatorio-de-Pesquisa-Transnacional_PT.pdf\\\" target=\\\"_blank\\\">Relat\\u00f3rio de Pesquisa Transnacional<\\\/a>\\n\n\n<li><strong>O Portal Virtual Green VET Choices<\\\/strong> \\u2013 Um ambiente de aprendizado aberto e participativo que usa uma abordagem de narrativa motivadora para capacitar os usu\\u00e1rios a tomar suas pr\\u00f3prias decis\\u00f5es e descobrir mais sobre carreiras verdes.<\\\/li>\\n\n\n<li><strong>O Modelo Digital Green VET Choices<\\\/strong> \\u2013 Engloba uma revista profissional e uma antologia de v\\u00eddeos do segmento chave apresentando as metodologias inovadoras e os conceitos did\\u00e1ticos aplicados no projeto e apresentando artigos de destaque de especialistas.<\\\/li>\\n<\\\/ol>\",\"image\":\"wp-content\\\/uploads\\\/2022\\\/03\\\/outputs.png\",\"title_color\":\"success\",\"link\":\"\",\"css\":\".el-title {color:#000 !important}\\n.el-image{max-width:200px;}\\n.uk-width-1-3\\\\@m.uk-flex-last\\\\@m{text-align:center;display:flex;justify-content:center;\\nalign-items:center;}\\n\\n\"},\"name\":\"right-image-panel\"}]}]}]},{\"type\":\"section\",\"props\":{\"style\":\"default\",\"width\":\"default\",\"vertical_align\":\"middle\",\"title_position\":\"top-left\",\"title_rotation\":\"left\",\"title_breakpoint\":\"xl\",\"image_position\":\"center-center\"},\"children\":[{\"type\":\"row\",\"children\":[{\"type\":\"column\",\"props\":{\"position_sticky_breakpoint\":\"m\",\"image_position\":\"center-center\",\"media_overlay_gradient\":\"\"},\"children\":[{\"type\":\"headline\",\"props\":{\"title_element\":\"h1\",\"title_style\":\"h1\",\"title_color\":\"success\",\"text_align\":\"center\",\"content\":\"Parceiros\",\"margin\":\"large\",\"margin_remove_top\":true,\"css\":\".el-element{font-family:Comfortaa;color:#000;}\"},\"name\":\"headline-pages\"},{\"name\":\"Accordion Image Top\",\"type\":\"accordion\",\"children\":[{\"name\":\"\",\"type\":\"accordion_item\",\"props\":{\"content\":\"\n\n<p>CO&amp;SO \\u00e9 um cons\\u00f3rcio localizado em Floren\\u00e7a que inclui 24 cooperativas que atuam nas \\u00e1reas social, educacional e cultural. A CO&amp;SO conta com 42 colaboradores permanentes que prestam servi\\u00e7os aos associados. Os principais servi\\u00e7os s\\u00e3o: administra\\u00e7\\u00e3o, acompanhamento dos concursos e consequentemente apresenta\\u00e7\\u00e3o de projetos, na sua maioria contratos p\\u00fablicos destinados \\u00e0 presta\\u00e7\\u00e3o de servi\\u00e7os nas diferentes \\u00e1reas sociais, oferecendo oportunidades europeias para promover a inova\\u00e7\\u00e3o nas cooperativas em termos de melhoria das compet\\u00eancias e servi\\u00e7os dos trabalhadores, certifica\\u00e7\\u00e3o de qualidade e comunica\\u00e7\\u00e3o. A CO&amp;SO tamb\\u00e9m \\u00e9 uma Ag\\u00eancia de Treinamento credenciada pela Autoridade Regional da Toscana para desenvolver treinamento financiado ou sob demanda e mais da metade de seus servi\\u00e7os de treinamento (presencial, online e misto) \\u00e9 fornecido a grupos-alvo desfavorecidos.<\\\/p>\\n\n\n<p>A CO&amp;SO atua em diversas \\u00e1reas de interesse:<\\\/p>\\n\n\n<ul>\\n\n\n<li aria-level=\\\"1\\\"><span>Habita\\u00e7\\u00e3o<\\\/span><\\\/li>\\n\n\n<li aria-level=\\\"1\\\"><span>Cultura e Turismo<\\\/span><\\\/li>\\n\n\n<li aria-level=\\\"1\\\"><span>Educa\\u00e7\\u00e3o<\\\/span><\\\/li>\\n\n\n<li aria-level=\\\"1\\\"><span>Treinamento<\\\/span><\\\/li>\\n\n\n<li aria-level=\\\"1\\\"><span>Inclus\\u00e3o social<\\\/span><\\\/li>\\n\n\n<li aria-level=\\\"1\\\"><span>Inser\\u00e7\\u00e3o de trabalho<\\\/span><\\\/li>\\n\n\n<li aria-level=\\\"1\\\"><span>Sa\\u00fade e cuidados<\\\/span><\\\/li>\\n\n\n<li aria-level=\\\"1\\\"><span>Verde<\\\/span><\\\/li>\\n<\\\/ul>\\n\n\n<p>Na CO&amp;SO existe tamb\\u00e9m um departamento dedicado apenas a trabalhar no planeamento e gest\\u00e3o de projetos europeus com pessoal muito qualificado com mais de 20 anos de experi\\u00eancia na \\u00e1rea.<\\\/p>\\n\n\n<p>Al\\u00e9m disso, desde 2021 a CO&amp;SO, de acordo com a Pol\\u00edtica Verde Europeia, come\\u00e7ou a planear novas atividades orientadas para o verde, participando, como coordenador ou parceiro, em projetos da UE que visam apoiar o ambiente atrav\\u00e9s da melhoria das compet\\u00eancias verdes dos Institutos VET e VET Docentes, promovendo o marketing digital nas Pequenas e M\\u00e9dias Empresas; desenvolver a Economia Circular baseada na reciclagem de res\\u00edduos.<\\\/p>\\n\n\n<p>Outras atividades GREEN envolvem as cooperativas associadas da CO&amp;SO. Em particular, refere-se ao Cons\\u00f3rcio COLTIBIO, uma realidade agr\\u00edcola org\\u00e2nica, que atrav\\u00e9s do conceito de \\u201cagricultura social\\u201d desenvolve uma atividade apoiada pela comunidade local que produz e ao mesmo tempo persegue o bem comum atrav\\u00e9s de pr\\u00e1ticas sustent\\u00e1veis \\u200b\\u200bdo ponto de vista econ\\u00f4mico e ponto de vista ambiental. A COLTIBIO quer experimentar uma nova forma de fazer agricultura, com novos processos com baixo impacto ambiental e novas formas de transfer\\u00eancia de conhecimento, como a troca de experi\\u00eancias entre gera\\u00e7\\u00f5es.<\\\/p>\",\"title\":\"CO&SO - CONSORZIO PER LA COOPERAZIONE E LA SOLIDARIETA'-CONSORZIO DI COOPERATIVE SOCIALI - SOCIETA' COOPERATTIVA SOCIALE\",\"link\":\"https:\\\/\\\/coeso.org\\\/\",\"image\":\"wp-content\\\/uploads\\\/2022\\\/04\\\/logo-coeso-2020.png\",\"link_text\":\"\"}},{\"name\":\"\",\"type\":\"accordion_item\",\"props\":{\"content\":\"\n\n<p>Auxilium \\u00e9 uma associa\\u00e7\\u00e3o de pesquisa e desenvolvimento sem fins lucrativos localizada em Graz, na \\u00c1ustria, com o objetivo de melhorar o interc\\u00e2mbio cultural e educacional entre organiza\\u00e7\\u00f5es e institui\\u00e7\\u00f5es na Europa. Desde 2004, Auxilium tem participado em muitos projetos de coopera\\u00e7\\u00e3o e interc\\u00e2mbio e parcerias estrat\\u00e9gicas nas \\u00e1reas de educa\\u00e7\\u00e3o, cultura, sa\\u00fade e ci\\u00eancias sociais para apoiar os principais objetivos da associa\\u00e7\\u00e3o. Nesta base, Auxilium acumulou uma vasta experi\\u00eancia no planeamento e implementa\\u00e7\\u00e3o de projetos transnacionais de coopera\\u00e7\\u00e3o europeia em diferentes programas de financiamento, sendo principalmente respons\\u00e1vel pelo desenvolvimento de conte\\u00fados pedag\\u00f3gicos, bem como pela gest\\u00e3o da qualidade dos projetos.<\\\/p>\",\"title\":\"Auxilium pro Regionibus Europae in Rebus Culturalibus\",\"link\":\"http:\\\/\\\/www.auxilium.co.at\\\/\",\"image\":\"wp-content\\\/uploads\\\/2022\\\/04\\\/Auxilium_big_RGB.png\"}},{\"name\":\"\",\"type\":\"accordion_item\",\"props\":{\"content\":\"\n\n<p>O Rural Hub foi criado como uma associa\\u00e7\\u00e3o por um grupo de profissionais de educa\\u00e7\\u00e3o, treinamento e desenvolvimento rural como resposta ao impacto da crise econ\\u00f4mica em pequenas vilas e cidades rurais na Irlanda. Desde que foi estabelecido pela primeira vez em 2012, The Rural Hub vem fornecendo uma ampla gama de programas de treinamento e desenvolvimento de capacidade para moradores locais e grupos comunit\\u00e1rios. Somos especializados na \\u00e1rea de desenvolvimento comunit\\u00e1rio, inclus\\u00e3o social e aprendizagem ao longo da vida e desenvolvemos uma s\\u00e9rie de iniciativas locais para apoiar a inclus\\u00e3o de grupos desfavorecidos, incluindo jovens rurais, comunidades migrantes e idosos isolados. Trabalhamos com esses grupos, usando abordagens criativas e testes de recursos de m\\u00eddia digital para apoiar uma maior coes\\u00e3o social entre as comunidades locais no Condado de Cavan. Temos uma rede desenvolvida de partes interessadas em todo o condado que apoiam nosso trabalho em uma base tem\\u00e1tica. Por meio de nosso escrit\\u00f3rio baseado na comunidade, oferecemos programas informais de educa\\u00e7\\u00e3o para adultos e jovens por meio de nossos programas de Manh\\u00e3s Sociais e Tardes Educativas; e por meio de nossos programas de 'jovens na m\\u00eddia digital', executamos em nossa Digital Media Zone (DMZ) em Virg\\u00ednia, Cavan.<\\\/p>\",\"title\":\"The Rural Hub CLG\",\"link\":\"https:\\\/\\\/www.theruralhub.ie\\\/\",\"image\":\"wp-content\\\/uploads\\\/2022\\\/04\\\/The-Rural-Hub-1.jpg\"}},{\"name\":\"\",\"type\":\"accordion_item\",\"props\":{\"content\":\"\n\n<p>CARDET (Centro para o Avan\\u00e7o da Pesquisa e Desenvolvimento em Tecnologia Educacional) \\u00e9 uma organiza\\u00e7\\u00e3o independente, sem fins lucrativos, n\\u00e3o governamental, de pesquisa e desenvolvimento com sede em Chipre, com parceiros em todo o mundo. CARDET \\u00e9 uma das institui\\u00e7\\u00f5es l\\u00edderes na regi\\u00e3o euro-mediterr\\u00e2nica para investiga\\u00e7\\u00e3o e desenvolvimento. Nossa equipe se esfor\\u00e7a para oferecer servi\\u00e7os da mais alta qualidade para beneficiar a sociedade. A organiza\\u00e7\\u00e3o colabora com organiza\\u00e7\\u00f5es locais e internacionais, \\u00f3rg\\u00e3os p\\u00fablicos e privados e em diversas disciplinas na conce\\u00e7\\u00e3o de solu\\u00e7\\u00f5es para desafios locais e globais na \\u00c1sia, Europa e EUA. A equipe CARDET concluiu com sucesso mais de 200 projetos em mais de 40 pa\\u00edses, alcan\\u00e7ando mais de um milh\\u00e3o de pessoas. V\\u00e1rios de nossos projetos foram apoiados pela Comiss\\u00e3o Europeia, The Commonwealth of Learning, Programa de Desenvolvimento das Na\\u00e7\\u00f5es Unidas, USAID, EuropeAid, Microsoft, Google e governos de todo o mundo.<\\\/p>\",\"title\":\"CARDET\",\"link\":\"https:\\\/\\\/cardet.org\\\/\",\"image\":\"wp-content\\\/uploads\\\/2022\\\/04\\\/cardet-svg.svg\"}},{\"type\":\"accordion_item\",\"props\":{\"title\":\"Reattiva \\u2013 Regione Europa Attiva\",\"link\":\"http:\\\/\\\/www.reattiva.eu\\\/\",\"image\":\"wp-content\\\/uploads\\\/2022\\\/04\\\/reattiva-logo.jpg\",\"content\":\"\n\n<p><span>Com sede em Campobasso (Molise) e Floren\\u00e7a (Toscana), a Reattiva \\u00e9 uma organiza\\u00e7\\u00e3o sem fins lucrativos fundada em 2011, que trabalha a n\\u00edvel local, nacional e da UE, com o principal objetivo de fornecer educa\\u00e7\\u00e3o e forma\\u00e7\\u00e3o formal, n\\u00e3o formal e informal a indiv\\u00edduos jovens e adultos.<br \\\/><\\\/span><\\\/p>\\n\n\n<p><span>Os objetivos espec\\u00edficos da Reattiva s\\u00e3o:<\\\/span><\\\/p>\\n\n\n<ul>\\n\n\n<li><span>Melhorar a acessibilidade, qualidade e efici\\u00eancia da educa\\u00e7\\u00e3o e forma\\u00e7\\u00e3o dos diferentes alvos;<\\\/span><\\\/li>\\n\n\n<li><span>Apoiar jovens e adultos em diversas iniciativas locais, regionais, nacionais e internacionais;<\\\/span><\\\/li>\\n\n\n<li><span>Apoiar a integra\\u00e7\\u00e3o e realiza\\u00e7\\u00e3o social de cada indiv\\u00edduo, especialmente daqueles que se encontram em perigo de exclus\\u00e3o social;<\\\/span><\\\/li>\\n\n\n<li><span>Promover e contribuir para a educa\\u00e7\\u00e3o, a aprendizagem ao longo da vida, o e-learning e a utiliza\\u00e7\\u00e3o das novas tecnologias na educa\\u00e7\\u00e3o, forma\\u00e7\\u00e3o e empreendedorismo;<\\\/span><\\\/li>\\n\n\n<li><span>Fornecer apoio para quebrar as barreiras para pessoas de origens pessoais dif\\u00edceis, ampliando o acesso \\u00e0 educa\\u00e7\\u00e3o e auto-realiza\\u00e7\\u00e3o na vida e no trabalho.<\\\/span><\\\/li>\\n<\\\/ul>\\n\n\n<p><span>Reattiva tem tamb\\u00e9m uma longa experi\\u00eancia em projetos da UE e compet\\u00eancias relevantes na gest\\u00e3o de projetos da UE no \\u00e2mbito do ERASMUS+, LLP, EYE, ESF, EEA, YFEJ, EaSI, EAfA e INTERREG, tanto como promotor como parceiro, sempre educa\\u00e7\\u00e3o e forma\\u00e7\\u00e3o n\\u00e3o formal e informal, empregabilidade e inclus\\u00e3o social.<br \\\/><\\\/span><\\\/p>\\n\n\n<p><span>No quadro dos programas da UE, a Reattiva promove, em particular, a mobilidade para fins de aprendizagem como terreno de aquisi\\u00e7\\u00e3o de compet\\u00eancias e aptid\\u00f5es essenciais necess\\u00e1rias aos jovens e adultos para o acesso \\u00e0 empregabilidade e \\u00e0 inclus\\u00e3o social e ao pessoal (professores, educadores, formadores, tutores, animadores de juventude) para ter sucesso no seu trabalho di\\u00e1rio com diferentes grupos-alvo.<br \\\/><\\\/span><\\\/p>\\n\n\n<p><span>Entre 2011 e 2021 a Reattiva geriu 92 projetos de mobilidade, envolvendo cerca de 10.500 formandos (20% dos quais desfavorecidos, com menos oportunidades, deficientes ou com necessidades especiais) e cerca de 650 participantes entre o pessoal.<br \\\/><\\\/span><\\\/p>\\n\n\n<p><span>Do ponto de vista do acolhimento, entre 2011 e 2021, a Reattiva em Campobasso e Floren\\u00e7a acolheu mais de 4000 formandos e 500 participantes entre funcion\\u00e1rios provenientes de diferentes pa\\u00edses da UE.<br \\\/><\\\/span><\\\/p>\"}},{\"type\":\"accordion_item\",\"props\":{\"title\":\"ISIS Leonardo da Vinci\",\"link\":\"https:\\\/\\\/www.isisdavinci.it\\\/\",\"image\":\"wp-content\\\/uploads\\\/2022\\\/04\\\/asdsadasdas.png\",\"content\":\"\n\n<p><span>O Instituto T\\u00e9cnico e Profissional \\u201cISIS Leonardo da Vinci\\u201d de Floren\\u00e7a foi fundado pelo Munic\\u00edpio de Floren\\u00e7a em 1900 para formar bons t\\u00e9cnicos para as empresas da cidade. H\\u00e1 um s\\u00e9culo que a nossa escola representa pelas suas caracter\\u00edsticas did\\u00e1tico-estruturais o ponto de refer\\u00eancia para a estrutura econ\\u00f3mica e produtiva das seguintes \\u00e1reas: Mec\\u00e2nica, Edifica\\u00e7\\u00e3o, Electr\\u00f3nica, Electrot\\u00e9cnica, Telecomunica\\u00e7\\u00f5es, Qu\\u00edmica, Inform\\u00e1tica, para toda a nossa Regi\\u00e3o.<br \\\/><\\\/span><\\\/p>\\n\n\n<p><span>A comunidade ISIS Da Vinci \\u00e9 composta por cerca de 2.000 alunos (800 deles em cursos t\\u00e9cnicos e 1.200 deles em cursos profissionalizantes) e mais de 300 professores.<br \\\/><\\\/span><\\\/p>\\n\n\n<p><span>A escola possui dois campos de forma\\u00e7\\u00e3o para alunos de 14 a 19 anos: o Instituto T\\u00e9cnico e o Instituto Vocacional. As \\u00e1reas de estudo do Instituto T\\u00e9cnico Leonardo da Vinci s\\u00e3o: Ci\\u00eancia da Computa\\u00e7\\u00e3o, Eletr\\u00f4nica e Eletrot\\u00e9cnica, Qu\\u00edmica, Edifica\\u00e7\\u00f5es, Mec\\u00e2nica e Mecatr\\u00f4nica. Algumas especializa\\u00e7\\u00f5es do Instituto Profissional como Gr\\u00e1fica, Mec\\u00e2nica Dent\\u00e1ria oferecem a \\u00fanica oportunidade de formar compet\\u00eancias espec\\u00edficas nestes setores. Algumas turmas tamb\\u00e9m est\\u00e3o envolvidas em diferentes projetos europeus.<\\\/span><span><\\\/span><\\\/p>\\n\n\n<p><span>A Escola \\u00e9 uma Ag\\u00eancia de Forma\\u00e7\\u00e3o certificada ISO9001-2015 pela TUV.<\\\/span><\\\/p>\\n\n\n<p><span>\\u00a0<\\\/span><\\\/p>\"}},{\"type\":\"accordion_item\",\"props\":{\"title\":\"RECURSOS FUTUROS, UNIPESSOAL LDA\",\"link\":\"https:\\\/\\\/efuturo.pt\\\/\",\"image\":\"wp-content\\\/uploads\\\/2022\\\/04\\\/logo-eFuturo-1.jpg\",\"content\":\"\n\n<p><span>Desde 2004 a eFuturo Academy \\u00e9 uma Organiza\\u00e7\\u00e3o Portuguesa Certificada que oferece forma\\u00e7\\u00e3o profissional e profissional com especial enfoque no desenvolvimento de compet\\u00eancias de jovens e adultos nas \\u00e1reas da Hotelaria e Turismo, Cruzeiros, Assist\\u00eancia Comercial, Assist\\u00eancia \\u00e0 Sa\\u00fade, Marketing Digital, Ensino de L\\u00ednguas, TIC, Recursos Humanos e Empreendedorismo.<br \\\/><\\\/span><\\\/p>\\n\n\n<p><span>Temos 3500 alunos\\\/profissionais em todo o territ\\u00f3rio nacional inseridos no mercado de trabalho, v\\u00e1rios deles no estrangeiro pelos Projetos Erasmus. mudar de emprego ou melhorar os seus n\\u00edveis de empregabilidade. Trabalhamos com migrantes, pessoas com defici\\u00eancia e pessoas com baixa literacia que necessitam de forma\\u00e7\\u00e3o para se integrarem no mercado de trabalho.<br \\\/><\\\/span><\\\/p>\"}},{\"type\":\"accordion_item\",\"props\":{\"title\":\"GOSPODARSKA ZBORNICA SLOVENIJE CENTER ZA POSLOVNO USPOSABLJANJE\",\"link\":\"https:\\\/\\\/www.cpu.si\\\/\",\"image\":\"wp-content\\\/uploads\\\/2022\\\/04\\\/CPU-GZS-logo.png\",\"content\":\"\n\n<p>C\\u00e2mara de Com\\u00e9rcio e Ind\\u00fastria da Eslov\\u00e9nia \\u2013 Instituto de Educa\\u00e7\\u00e3o Empresarial \\u00e9 um dos fornecedores de educa\\u00e7\\u00e3o e forma\\u00e7\\u00e3o com mais longa tradi\\u00e7\\u00e3o na Eslov\\u00e9nia. O foco nas necessidades educacionais no mercado de trabalho levou a CPU a se tornar um dos maiores provedores de educa\\u00e7\\u00e3o de adultos na Eslov\\u00eania. A miss\\u00e3o do CPU (Institute for business education) \\u00e9 fornecer \\u00e0s empresas um conhecimento de alta qualidade, moderno e aplic\\u00e1vel, enriquecido com experi\\u00eancias nacionais e internacionais e exemplos de boas pr\\u00e1ticas de neg\\u00f3cios de acordo com o princ\\u00edpio da \\u201cpr\\u00e1tica \\u00e0 pr\\u00e1tica\\u201d. A CPU se esfor\\u00e7a para fornecer conhecimento \\u00fatil e ser um elo entre o mercado de trabalho e a educa\\u00e7\\u00e3o.<\\\/p>\\n\n\n<p><span>\\u00a0<\\\/span><\\\/p>\"}}],\"props\":{\"multiple\":false,\"collapsible\":true,\"show_image\":true,\"show_link\":true,\"title_element\":\"h3\",\"image_align\":\"top\",\"image_grid_width\":\"1-2\",\"link_text\":\"[website_text]\",\"link_style\":\"primary\",\"image_svg_color\":\"emphasis\",\"image_grid_breakpoint\":\"m\",\"content_column_breakpoint\":\"m\",\"content_dropcap\":false,\"content_column\":\"\",\"id\":\"accordion-image-top\",\"image_height\":\"300\",\"text_align\":\"center\",\"class\":\"partners-accordion\",\"link_target\":true,\"css\":\".el-image{max-width:400px;}\"}}]}]}]}],\"version\":\"2.7.26\"} --><\/p>\n","protected":false},"excerpt":{"rendered":"<p>Sobre Vis\u00e3o Geral do Projeto As carreiras de ensino profissional oferecem oportunidades ricas para indiv\u00edduos interessados \u200b\u200bem tecnologias verdes, empreendedorismo verde, neg\u00f3cios sociais verdes e..<\/p>\n","protected":false},"author":1,"featured_media":0,"parent":0,"menu_order":0,"comment_status":"closed","ping_status":"closed","template":"","meta":{"_acf_changed":false,"inline_featured_image":false,"footnotes":""},"class_list":["post-646","page","type-page","status-publish","hentry"],"acf":[],"_links":{"self":[{"href":"https:\/\/greenvetchoices.eu\/pt-pt\/wp-json\/wp\/v2\/pages\/646","targetHints":{"allow":["GET"]}}],"collection":[{"href":"https:\/\/greenvetchoices.eu\/pt-pt\/wp-json\/wp\/v2\/pages"}],"about":[{"href":"https:\/\/greenvetchoices.eu\/pt-pt\/wp-json\/wp\/v2\/types\/page"}],"author":[{"embeddable":true,"href":"https:\/\/greenvetchoices.eu\/pt-pt\/wp-json\/wp\/v2\/users\/1"}],"replies":[{"embeddable":true,"href":"https:\/\/greenvetchoices.eu\/pt-pt\/wp-json\/wp\/v2\/comments?post=646"}],"version-history":[{"count":6,"href":"https:\/\/greenvetchoices.eu\/pt-pt\/wp-json\/wp\/v2\/pages\/646\/revisions"}],"predecessor-version":[{"id":1280,"href":"https:\/\/greenvetchoices.eu\/pt-pt\/wp-json\/wp\/v2\/pages\/646\/revisions\/1280"}],"wp:attachment":[{"href":"https:\/\/greenvetchoices.eu\/pt-pt\/wp-json\/wp\/v2\/media?parent=646"}],"curies":[{"name":"wp","href":"https:\/\/api.w.org\/{rel}","templated":true}]}}